{"id":860,"date":"2025-02-27T08:47:27","date_gmt":"2025-02-27T08:47:27","guid":{"rendered":"https:\/\/www.kulturelleserbe-rlp.de\/?page_id=860"},"modified":"2025-10-14T06:37:53","modified_gmt":"2025-10-14T06:37:53","slug":"hofgut-aubacher-hof-bei-romerberg-berghausen","status":"publish","type":"page","link":"https:\/\/www.kulturelleserbe-rlp.de\/?page_id=860","title":{"rendered":"Hofgut Aubacher Hof bei R\u00f6merberg-Berghausen"},"content":{"rendered":"\n<h3 class=\"wp-block-heading\">Lost Places in <a href=\"https:\/\/www.kuladig.de\/Objektansicht\/KLD-356500\">R\u00f6merberg<\/a><\/h3>\n\n\n\n<p><\/p>\n\n\n\n<div class=\"wp-block-group alignfull has-accent-background-color has-background has-global-padding is-layout-constrained wp-container-core-group-is-layout-669513ed wp-block-group-is-layout-constrained\" style=\"margin-top:0;margin-bottom:0;padding-top:var(--wp--preset--spacing--50);padding-right:var(--wp--preset--spacing--50);padding-bottom:var(--wp--preset--spacing--50);padding-left:var(--wp--preset--spacing--50)\">\n<div class=\"wp-block-columns alignwide is-layout-flex wp-container-core-columns-is-layout-1da03c2a wp-block-columns-is-layout-flex\">\n<div class=\"wp-block-column is-vertically-aligned-stretch is-layout-flow wp-block-column-is-layout-flow\" style=\"flex-basis:50%\">\n<div class=\"wp-block-group is-vertical is-content-justification-stretch is-layout-flex wp-container-core-group-is-layout-444d5ee8 wp-block-group-is-layout-flex\" style=\"min-height:100%\">\n<p class=\"has-heading-font-family has-x-large-font-size\" style=\"line-height:1.2\">Nur wenige Details sind \u00fcber den Hof bekannt. Die letzte Zustands-beschreibung stammt aus dem Jahr 1740. Das Hofgut Aubacher Hof ist vermutlich bereits zum ausgehenden 18. Jahrhundert abgerissen worden.<\/p>\n\n\n\n<p>Unterhalb des Bergh\u00e4user Ortsausgangs in Richtung Speyer befindet sich eine Gewanne mit dem Namen \u201eIm Aubacher Hof\u201c. Dieses Ackerland geh\u00f6rte offensichtlich zu einem landwirtschaftlichen Hofgut des Speyerer Domkapitels. Nur wenige Details sind \u00fcber den Hof bekannt. Die letzte Zustandsbeschreibung stammt aus dem Jahr 1740. Das Hofgut Aubacher Hof ist vermutlich bereits zum ausgehenden 18. Jahrhundert abgerissen worden.<\/p>\n\n\n\n<div class=\"wp-block-group has-global-padding is-content-justification-left is-layout-constrained wp-container-core-group-is-layout-9fe8ed88 wp-block-group-is-layout-constrained\">\n<div class=\"wp-block-buttons is-layout-flex wp-block-buttons-is-layout-flex\">\n<div class=\"wp-block-button\"><a class=\"wp-block-button__link wp-element-button\" href=\"https:\/\/www.kuladig.de\/Objektansicht\/KLD-355982\">Zum KuLaDig-Objekt<\/a><\/div>\n<\/div>\n<\/div>\n<\/div>\n<\/div>\n\n\n\n<div class=\"wp-block-column is-vertically-aligned-center is-layout-flow wp-block-column-is-layout-flow\" style=\"flex-basis:50%\">\n<figure class=\"wp-block-image size-full is-style-rounded is-style-rounded--1\"><img fetchpriority=\"high\" decoding=\"async\" width=\"715\" height=\"983\" src=\"https:\/\/www.kulturelleserbe-rlp.de\/wp-content\/uploads\/2025\/02\/schonborn.jpg\" alt=\"\" class=\"wp-image-862\" style=\"aspect-ratio:0.75;object-fit:cover\" srcset=\"https:\/\/www.kulturelleserbe-rlp.de\/wp-content\/uploads\/2025\/02\/schonborn.jpg 715w, https:\/\/www.kulturelleserbe-rlp.de\/wp-content\/uploads\/2025\/02\/schonborn-218x300.jpg 218w\" sizes=\"(max-width: 715px) 100vw, 715px\" \/><figcaption class=\"wp-element-caption\"><mark style=\"background-color:rgba(0, 0, 0, 0)\" class=\"has-inline-color has-custom-color-1-color\">Damian Hugo von Sch\u00f6nborn, von 1719-1743 Kardinal und F\u00fcrstbischof von Speyer. Zu seinem Herrschaftsbereich geh\u00f6rte auch der Aubacher Hof in R\u00f6merberg-Berghausen. <\/mark><\/figcaption><\/figure>\n<\/div>\n<\/div>\n<\/div>\n\n\n\n<div class=\"wp-block-group alignfull has-base-background-color has-background has-global-padding is-layout-constrained wp-container-core-group-is-layout-d89aad35 wp-block-group-is-layout-constrained\" style=\"margin-top:0;margin-bottom:0;padding-top:var(--wp--preset--spacing--50);padding-right:var(--wp--preset--spacing--50);padding-bottom:var(--wp--preset--spacing--50);padding-left:var(--wp--preset--spacing--50)\">\n<div class=\"wp-block-columns alignwide is-layout-flex wp-container-core-columns-is-layout-549b0c86 wp-block-columns-is-layout-flex\">\n<div class=\"wp-block-column is-layout-flow wp-container-core-column-is-layout-119bc444 wp-block-column-is-layout-flow\" style=\"flex-basis:60%\">\n<p class=\"has-heading-font-family has-x-large-font-size\" style=\"line-height:1.2\">Die Vorgeschichte<\/p>\n\n\n\n<div class=\"wp-block-columns is-layout-flex wp-container-core-columns-is-layout-87beb0d0 wp-block-columns-is-layout-flex\">\n<div class=\"wp-block-column is-layout-flow wp-block-column-is-layout-flow\">\n<p class=\"wp-container-content-9cfa9a5a\">Die Rheinebene war in Kriegszeiten immer wieder Durchzugsgebiet der rivalisierenden Heere. L\u00e4ndereien wurden gepl\u00fcndert, D\u00f6rfer niedergebrannt, die Bev\u00f6lkerung ermordet oder vertrieben. Auch von Seuchen wurden die Menschen heimgesucht. Nach dem Drei\u00dfigj\u00e4hrigen Krieg (1618-1648) war die pf\u00e4lzische Bev\u00f6lkerung auf unter 20 Prozent geschrumpft und meist nicht mehr in der Lage, die L\u00e4ndereien in vollem Umfang zu bewirtschaften. Im Pf\u00e4lzischen Erbfolgekrieg brannten 1689 franz\u00f6sische Horden zahl-reiche Orte der Kurpfalz, darunter auch <\/p>\n<\/div>\n\n\n\n<div class=\"wp-block-column is-layout-flow wp-block-column-is-layout-flow\">\n<p>Speyer, r\u00fccksichtslos nieder. Das gleiche Schicksal traf auch die umliegenden Orte. Ein Vierteljahrhundert lang folgte ein Kriegsgeschehen auf das andere. Durch den Friedensvertrag von Rastatt 1714 nach dem Spanischen Erbfolgekrieg kam das Land zun\u00e4chst zur Ruhe, doch auch der Polnische Erbfolgekrieg (1733-1735) tobte in der Rheinebene. Bei welchem dieser Auseinandersetzungen der Aubacher Hof ruiniert oder immer wieder von diesem Schicksal ereilt wurde, ist nicht mehr festzustellen.<\/p>\n<\/div>\n<\/div>\n<\/div>\n\n\n\n<div class=\"wp-block-column is-layout-flow wp-block-column-is-layout-flow\">\n<figure class=\"wp-block-image size-full is-resized\"><img decoding=\"async\" width=\"497\" height=\"830\" src=\"https:\/\/www.kulturelleserbe-rlp.de\/wp-content\/uploads\/2025\/02\/auszug.png\" alt=\"\" class=\"wp-image-864\" style=\"width:445px;height:auto\" srcset=\"https:\/\/www.kulturelleserbe-rlp.de\/wp-content\/uploads\/2025\/02\/auszug.png 497w, https:\/\/www.kulturelleserbe-rlp.de\/wp-content\/uploads\/2025\/02\/auszug-180x300.png 180w\" sizes=\"(max-width: 497px) 100vw, 497px\" \/><figcaption class=\"wp-element-caption\"><mark style=\"background-color:rgba(0, 0, 0, 0)\" class=\"has-inline-color has-custom-color-1-color\">Auszug aus dem Friedensvertrag von Rastatt 1714 zwischen Frankreich <\/mark><br><mark style=\"background-color:rgba(0, 0, 0, 0)\" class=\"has-inline-color has-custom-color-1-color\">und \u00d6sterreich (Quelle: Leibniz-Institut f\u00fcr Europ\u00e4ische Geschichte (IEG))<\/mark><\/figcaption><\/figure>\n<\/div>\n<\/div>\n<\/div>\n\n\n\n<div class=\"wp-block-group alignfull has-accent-5-background-color has-background has-global-padding is-layout-constrained wp-container-core-group-is-layout-d89aad35 wp-block-group-is-layout-constrained\" style=\"margin-top:0;margin-bottom:0;padding-top:var(--wp--preset--spacing--50);padding-right:var(--wp--preset--spacing--50);padding-bottom:var(--wp--preset--spacing--50);padding-left:var(--wp--preset--spacing--50)\">\n<div class=\"wp-block-columns alignwide is-layout-flex wp-container-core-columns-is-layout-1da03c2a wp-block-columns-is-layout-flex\">\n<div class=\"wp-block-column is-layout-flow wp-block-column-is-layout-flow\">\n<figure class=\"wp-block-image size-full is-resized\"><img decoding=\"async\" width=\"987\" height=\"505\" src=\"https:\/\/www.kulturelleserbe-rlp.de\/wp-content\/uploads\/2025\/02\/berghausen.jpg\" alt=\"\" class=\"wp-image-865\" style=\"width:1280px;height:auto\" srcset=\"https:\/\/www.kulturelleserbe-rlp.de\/wp-content\/uploads\/2025\/02\/berghausen.jpg 987w, https:\/\/www.kulturelleserbe-rlp.de\/wp-content\/uploads\/2025\/02\/berghausen-300x153.jpg 300w, https:\/\/www.kulturelleserbe-rlp.de\/wp-content\/uploads\/2025\/02\/berghausen-768x393.jpg 768w\" sizes=\"(max-width: 987px) 100vw, 987px\" \/><figcaption class=\"wp-element-caption\"><mark style=\"background-color:rgba(0, 0, 0, 0)\" class=\"has-inline-color has-custom-color-1-color\">Darstellung des Ortes Berghausen &#8211; heute R\u00f6merberg-Berghausen &#8211; im Jahre 1572. Ausschnitt aus dem \u201eSpeyerer Flurplan\u201c, gezeichnet von Wilhelm Besserer. Der Aubacher Hof ist nicht verzeichnet. Daf\u00fcr aber andere Hofg\u00fcter in der Region. <\/mark><\/figcaption><\/figure>\n<\/div>\n<\/div>\n<\/div>\n\n\n\n<div class=\"wp-block-group alignfull has-base-background-color has-background has-global-padding is-layout-constrained wp-container-core-group-is-layout-d89aad35 wp-block-group-is-layout-constrained\" style=\"margin-top:0;margin-bottom:0;padding-top:var(--wp--preset--spacing--50);padding-right:var(--wp--preset--spacing--50);padding-bottom:var(--wp--preset--spacing--50);padding-left:var(--wp--preset--spacing--50)\">\n<div class=\"wp-block-columns alignwide is-layout-flex wp-container-core-columns-is-layout-549b0c86 wp-block-columns-is-layout-flex\">\n<div class=\"wp-block-column is-layout-flow wp-block-column-is-layout-flow\">\n<h2 class=\"wp-block-heading\"><strong><strong><strong>Ein ruin\u00f6ses Gut<\/strong><\/strong><\/strong><\/h2>\n\n\n\n<div class=\"wp-block-columns is-layout-flex wp-container-core-columns-is-layout-28f84493 wp-block-columns-is-layout-flex\">\n<div class=\"wp-block-column is-layout-flow wp-block-column-is-layout-flow\">\n<p>Zwischen Speyer und Berghausen bestand bereits vor den kriegerischen Auseinandersetzungen ein altes Hofgut, dessen genauer Standort sowie Aussehen und Ausstattung der Hofgeb\u00e4ude nicht bekannt ist. Herrenlos gewordene G\u00fcter fielen an die Landesherrschaft. F\u00fcr Berghausen und Heiligenstein war dies das Speyerer Domkapitel und der F\u00fcrstbischof Damian Hugo von Sch\u00f6nborn-Buchheim (Amtszeit von 1719-1743). Er beauftragte seinen Kammerrat Koch, in Berghausen einen aus Steinen erbauten Hof mit Scheune, Kelter und St\u00e4llen einzurichten \u201ezur <\/p>\n\n\n\n<p><\/p>\n<\/div>\n\n\n\n<div class=\"wp-block-column is-layout-flow wp-block-column-is-layout-flow\">\n<p>Notdurft der Residenz zu Speyer\u201c, also zwecks Versorgung der f\u00fcrstbisch\u00f6flichen Residenz und des Domkapitels. Die an Bauern verpachteten herrschaftlichen Besitzungen sowie angestelltes Gesinde sollten mit ihren landwirtschaftlichen Ertr\u00e4gen dem Bistum dienen. Koch schlug dagegen vor, die L\u00e4ndereien mit Dudenhofen zusammenzulegen, was ein Hofgut von \u00fcber 100 Morgen ergeben h\u00e4tte und auch vom Zollhaus in Berghausen aus h\u00e4tte verwaltet werden k\u00f6nnen, wenn dort zus\u00e4tzlich eine neue Scheuer errichtet worden w\u00e4re. Als Verwalter h\u00e4tte auch Nikolaus<\/p>\n<\/div>\n\n\n\n<div class=\"wp-block-column is-layout-flow wp-block-column-is-layout-flow\">\n<p>Vorh\u00f6ltzer (1676-1749) vom Zollhaus eingesetzt werden k\u00f6nnen, der sich um die bisch\u00f6flichen G\u00fcter in Berghausen und Heiligenstein k\u00fcmmern k\u00f6nnte. Der Vorschlag, das Hofgut beim Zollhaus \u201ean der Landauer stra\u00df\u201c anzusiedeln, wurde bald darauf fallen gelassen, da es dabei zu Grenzstreitigkeiten mit der kurpf\u00e4lzischen Regierung kam und von dort Einspruch erhoben wurde. So wurden die Pl\u00e4ne f\u00fcr die Errichtung eines bisch\u00f6flichen Hofguts fallen gelassen.<\/p>\n<\/div>\n<\/div>\n\n\n\n<p><\/p>\n<\/div>\n<\/div>\n\n\n\n<figure class=\"wp-block-image size-full\"><img loading=\"lazy\" decoding=\"async\" width=\"1472\" height=\"1056\" src=\"https:\/\/www.kulturelleserbe-rlp.de\/wp-content\/uploads\/2025\/02\/kartenaussschnitt.jpg\" alt=\"\" class=\"wp-image-867\" style=\"aspect-ratio:1\" srcset=\"https:\/\/www.kulturelleserbe-rlp.de\/wp-content\/uploads\/2025\/02\/kartenaussschnitt.jpg 1472w, https:\/\/www.kulturelleserbe-rlp.de\/wp-content\/uploads\/2025\/02\/kartenaussschnitt-300x215.jpg 300w, https:\/\/www.kulturelleserbe-rlp.de\/wp-content\/uploads\/2025\/02\/kartenaussschnitt-1024x735.jpg 1024w, https:\/\/www.kulturelleserbe-rlp.de\/wp-content\/uploads\/2025\/02\/kartenaussschnitt-768x551.jpg 768w\" sizes=\"(max-width: 1472px) 100vw, 1472px\" \/><figcaption class=\"wp-element-caption\"><mark style=\"background-color:rgba(0, 0, 0, 0)\" class=\"has-inline-color has-custom-color-1-color\">Der Ausschnitt aus einem \u201ePlan von Landau und der dortigen Gegend (\u2026)\u201c aus dem 18. Jahrhundert zeigt an, in welcher Umgebung  sich einst der Aubacher Hof befunden hatte. Eingezeichnet sind u.a. das bisch\u00f6fliche und pf\u00e4lzische Zollhaus bei Heiligenstein, heute R\u00f6merberg-Heiligenstein.<\/mark><\/figcaption><\/figure>\n<\/div>\n\n\n\n<div class=\"wp-block-group alignfull has-base-background-color has-background has-global-padding is-layout-constrained wp-container-core-group-is-layout-d89aad35 wp-block-group-is-layout-constrained\" style=\"margin-top:0;margin-bottom:0;padding-top:var(--wp--preset--spacing--50);padding-right:var(--wp--preset--spacing--50);padding-bottom:var(--wp--preset--spacing--50);padding-left:var(--wp--preset--spacing--50)\">\n<div class=\"wp-block-columns alignwide is-layout-flex wp-container-core-columns-is-layout-549b0c86 wp-block-columns-is-layout-flex\">\n<div class=\"wp-block-column is-layout-flow wp-block-column-is-layout-flow\">\n<h2 class=\"wp-block-heading\"><strong><strong><strong>Eine Spurensuche &#8211; schriftliche Hinweise<\/strong><\/strong><\/strong><\/h2>\n\n\n\n<div class=\"wp-block-columns is-layout-flex wp-container-core-columns-is-layout-28f84493 wp-block-columns-is-layout-flex\">\n<div class=\"wp-block-column is-layout-flow wp-block-column-is-layout-flow\">\n<p>Als Hofmann wird im Jahr 1732 ein Johann Freiherr von Auwach (andere Schreibweise: Aubach) genannt und der Bergh\u00e4user Vincentz Huthmacher (gest. 1750) als P\u00e4chter des Au-bacher Hofs eingesetzt. Offensichtlich wurde das Gut aber Mitte der 1730er Jahre aufgelassen und verfiel. Erhalten ist eine Zustandsbeschreibung des damaligen Oberschulthei\u00dfen des Amtes Marientraut in Hanhofen Friedrich Adam Fl\u00f6rchinger aus dem Jahr 1740:<br><em>\u201eEin durch den Krieg ziemlich ruinirtes Einst\u00f6ckiges zum Auwachischen gut geh\u00f6riges Hau\u00df so nicht bewohnet wird, sowie 4 Morgen darzugeh\u00f6rige Weing\u00fcrthen, so eben falls durch den Krieg verdorben undt \u00f6d liegen.\u201c<\/em><\/p>\n\n\n\n<p>Zus\u00e4tzlich zu den Weing\u00e4rten geh\u00f6rten zu dem Hofgut noch 12 Morgen (ca. 4 ha) Ackerland sowie die \u201eAuwachschen Wiesen in der Rheinniederung obig der M\u00f6rschhohl\u201c. Diese Angaben finden sich <\/p>\n<\/div>\n\n\n\n<div class=\"wp-block-column is-layout-flow wp-block-column-is-layout-flow\">\n<p>in der \u201eSchatzungsrenovation\u201c, einer Flurbeschreibung von 1776, die die Bergh\u00e4user B\u00fcrger Matheus Denhart, Marx [Marcus] Haaf (1725-1782), Johannes Kestel (1728-1776), Gangolf Lehman (1720-1779), Johann Adam Heimg\u00e4rtner (1730-1790) und Jacob Magin (1743-1805), allesamt Sch\u00f6ffen und\/oder Z\u00f6llner am bisch\u00f6flichen Zollhaus in Berghausen, zwecks einer Grundsteuererhebung auf Anordnung des Bischofs Damian August Philipp Karl Graf von Limburg-Vehlen-Stirum (Amtszeit von 1770-1797) zu erstellen hatten. Die Gewanne Im Aubacher Hof wird auch noch heute im Norden durch die M\u00f6rschhohl begrenzt. In der Folgezeit wurden die Ruinen offensichtlich abgerissen und eingeebnet, so dass keine Baureste mehr zu finden sind. Arbeitskraft war billig und Baumaterial rar, es wurde wohl in der Umgebung beim Wiederaufbau anderer zerst\u00f6rter Anwesen verbaut. Sogar Steine der Fundamente wurden ausgegraben und<\/p>\n<\/div>\n\n\n\n<div class=\"wp-block-column is-layout-flow wp-block-column-is-layout-flow\">\n<p>wiederverwendet. An Ort und Stelle blieb nur nicht verwertbarer \u201eBauschutt\u201c zur\u00fcck. Der wurde eingeebnet und verschwand bei Rodungsarbeiten f\u00fcr die sp\u00e4tere landwirtschaftliche Nutzung in der Erde. Geblieben ist der Name der Gewanne, die an das Aubacher Gut erinnert. Sie zieht sich von der Richtung Speyer auslaufenden Germersheimer Stra\u00dfe (L 507) die Hochgestade eines sehr fr\u00fchen Altrheinverlaufs hinab. Auf Grundst\u00fccken von Anliegern der Wasengartenstra\u00dfe, die sich bis zum Nordrand der Gewanne \u201eIm Aubacher Hof\u201c erstrecken, kommen bei Erdarbeiten immer wieder kleinere Sandsteinbrocken und Ziegelscherben zum Vorschein. Jedenfalls genehmigt der Blick von dort in nord\u00f6stlicher Richtung einen herrlichen Blick auf den Speyerer Dom.<\/p>\n\n\n\n<p>(Wilhelm K\u00f6gel, Hartwig Humbert, Verein f\u00fcr Heimat- und Brauchtumsverein in R\u00f6merberg e. V., 2024)<\/p>\n<\/div>\n<\/div>\n\n\n\n<p><\/p>\n<\/div>\n<\/div>\n<\/div>\n\n\n\n<figure class=\"wp-block-gallery has-nested-images columns-default is-cropped wp-block-gallery-2 is-layout-flex wp-block-gallery-is-layout-flex\">\n<figure class=\"wp-block-image size-large\"><img loading=\"lazy\" decoding=\"async\" width=\"890\" height=\"864\" data-id=\"870\" src=\"https:\/\/www.kulturelleserbe-rlp.de\/wp-content\/uploads\/2025\/02\/verortung.jpg\" alt=\"\" class=\"wp-image-870\" srcset=\"https:\/\/www.kulturelleserbe-rlp.de\/wp-content\/uploads\/2025\/02\/verortung.jpg 890w, https:\/\/www.kulturelleserbe-rlp.de\/wp-content\/uploads\/2025\/02\/verortung-300x291.jpg 300w, https:\/\/www.kulturelleserbe-rlp.de\/wp-content\/uploads\/2025\/02\/verortung-768x746.jpg 768w\" sizes=\"(max-width: 890px) 100vw, 890px\" \/><figcaption class=\"wp-element-caption\">Karte zur Bahnlinie Speyer Germersheim 1863 mit den Gewannenamen \u0084M\u00f6rschgewanne\u0093, \u0084M\u00f6rschhohl\u0093 und \u0084Aubacher Hof\u0093 (Repro: W. K\u00f6gel)<\/figcaption><\/figure>\n\n\n\n<figure class=\"wp-block-image size-large\"><img loading=\"lazy\" decoding=\"async\" width=\"854\" height=\"646\" data-id=\"872\" src=\"https:\/\/www.kulturelleserbe-rlp.de\/wp-content\/uploads\/2025\/02\/gewanne.jpg\" alt=\"\" class=\"wp-image-872\" srcset=\"https:\/\/www.kulturelleserbe-rlp.de\/wp-content\/uploads\/2025\/02\/gewanne.jpg 854w, https:\/\/www.kulturelleserbe-rlp.de\/wp-content\/uploads\/2025\/02\/gewanne-300x227.jpg 300w, https:\/\/www.kulturelleserbe-rlp.de\/wp-content\/uploads\/2025\/02\/gewanne-768x581.jpg 768w\" sizes=\"(max-width: 854px) 100vw, 854px\" \/><figcaption class=\"wp-element-caption\">Die Gewanne mit dem Namen Aubacher Hof bei R\u00f6merberg-Berghausen deutet auf das einstige Hofgut Aubacher Hof hin (Bild: W. K\u00f6gel, 2024)<\/figcaption><\/figure>\n<\/figure>\n\n\n\n<p><\/p>\n","protected":false},"excerpt":{"rendered":"<p>Lost Places in R\u00f6merberg Nur wenige Details sind \u00fcber den Hof bekannt. Die letzte Zustands-beschreibung stammt aus dem Jahr 1740. Das Hofgut Aubacher Hof ist vermutlich bereits zum ausgehenden 18. Jahrhundert abgerissen worden. Unterhalb des Bergh\u00e4user Ortsausgangs in Richtung Speyer befindet sich eine Gewanne mit dem Namen \u201eIm Aubacher Hof\u201c. Dieses Ackerland geh\u00f6rte offensichtlich zu [&hellip;]<\/p>\n","protected":false},"author":1,"featured_media":0,"parent":0,"menu_order":0,"comment_status":"closed","ping_status":"closed","template":"","meta":{"footnotes":""},"class_list":["post-860","page","type-page","status-publish","hentry"],"_links":{"self":[{"href":"https:\/\/www.kulturelleserbe-rlp.de\/index.php?rest_route=\/wp\/v2\/pages\/860","targetHints":{"allow":["GET"]}}],"collection":[{"href":"https:\/\/www.kulturelleserbe-rlp.de\/index.php?rest_route=\/wp\/v2\/pages"}],"about":[{"href":"https:\/\/www.kulturelleserbe-rlp.de\/index.php?rest_route=\/wp\/v2\/types\/page"}],"author":[{"embeddable":true,"href":"https:\/\/www.kulturelleserbe-rlp.de\/index.php?rest_route=\/wp\/v2\/users\/1"}],"replies":[{"embeddable":true,"href":"https:\/\/www.kulturelleserbe-rlp.de\/index.php?rest_route=%2Fwp%2Fv2%2Fcomments&post=860"}],"version-history":[{"count":12,"href":"https:\/\/www.kulturelleserbe-rlp.de\/index.php?rest_route=\/wp\/v2\/pages\/860\/revisions"}],"predecessor-version":[{"id":1475,"href":"https:\/\/www.kulturelleserbe-rlp.de\/index.php?rest_route=\/wp\/v2\/pages\/860\/revisions\/1475"}],"wp:attachment":[{"href":"https:\/\/www.kulturelleserbe-rlp.de\/index.php?rest_route=%2Fwp%2Fv2%2Fmedia&parent=860"}],"curies":[{"name":"wp","href":"https:\/\/api.w.org\/{rel}","templated":true}]}}