{"id":1499,"date":"2025-10-16T06:33:15","date_gmt":"2025-10-16T06:33:15","guid":{"rendered":"https:\/\/www.kulturelleserbe-rlp.de\/?page_id=1499"},"modified":"2025-10-22T05:28:27","modified_gmt":"2025-10-22T05:28:27","slug":"obstplantage-pfirsichparadies-in-romerberg-heiligenstein","status":"publish","type":"page","link":"https:\/\/www.kulturelleserbe-rlp.de\/?page_id=1499","title":{"rendered":"Obstplantage &#8220;Pfirsichparadies&#8221; in R\u00f6merberg-Heiligenstein"},"content":{"rendered":"\n<h3 class=\"wp-block-heading\">Lost Places in <a href=\"https:\/\/www.kuladig.de\/Objektansicht\/KLD-356500\">R\u00f6merberg<\/a><\/h3>\n\n\n\n<p><\/p>\n\n\n\n<div class=\"wp-block-group alignfull has-accent-background-color has-background has-global-padding is-layout-constrained wp-container-core-group-is-layout-669513ed wp-block-group-is-layout-constrained\" style=\"margin-top:0;margin-bottom:0;padding-top:var(--wp--preset--spacing--50);padding-right:var(--wp--preset--spacing--50);padding-bottom:var(--wp--preset--spacing--50);padding-left:var(--wp--preset--spacing--50)\">\n<div class=\"wp-block-columns alignwide is-layout-flex wp-container-core-columns-is-layout-1da03c2a wp-block-columns-is-layout-flex\">\n<div class=\"wp-block-column is-vertically-aligned-stretch is-layout-flow wp-block-column-is-layout-flow\" style=\"flex-basis:50%\">\n<div class=\"wp-block-group is-vertical is-content-justification-stretch is-layout-flex wp-container-core-group-is-layout-444d5ee8 wp-block-group-is-layout-flex\" style=\"min-height:100%\">\n<p class=\"has-heading-font-family has-x-large-font-size\" style=\"line-height:1.2\">Kann sich heute jemand vorstellen, dass die beiden Ortsteile von R\u00f6merberg, Berghausen und Heiligenstein, vor einigen Jahrzehnten f\u00f6rmlich eingerahmt waren mit Tausenden von Pfirsichb\u00e4umen und hektarweise Erdbeerpflanzen? <\/p>\n\n\n\n<p>Kann sich heute jemand vorstellen, dass die beiden Ortsteile von R\u00f6merberg, Berghausen und Heiligenstein, vor einigen Jahrzehnten f\u00f6rmlich eingerahmt waren mit Tausenden von Pfirsichb\u00e4umen und hektarweise Erdbeerpflanzen? Insbesondere die Gemarkung Mittelgewann, heute Neubaugebiet von R\u00f6merberg-Heiligenstein \u00f6stlich der Lena-Sommer-Stra\u00dfe, war durch Obstplantagen und -anbau gepr\u00e4gt. Das war mehr als ein Zubrot f\u00fcr die damalige Bev\u00f6lkerung &#8211; bis zur Gr\u00fcndung der EWG und dem Obst aus Spanien und Italien auf unserem Tisch. Aber gehen wir einen gro\u00dfen Schritt zur\u00fcck in der Geschichte der Pfalz und insbesondere der beiden Ortschaften Berghausen und Heiligenstein. Um das Jahr 1900 waren, mal abgesehen von einigen Baumalleen an Stra\u00dfen, Obstbaumreihen auf einem Feld in der Pfalz noch v\u00f6llig unbekannt; in jedem Garten und Acker standen zwar Obstb\u00e4ume, aber solit\u00e4r und oft am Rande. Es waren meist Apfel- oder Birnenb\u00e4ume, dazu noch Zwetschgen- und Mirabellenb\u00e4ume, ein Pfirsichbaum aber war damals nahezu unbekannt. Das geerntete Obst diente in aller Regel dem eigenen Haushalt; f\u00fcr den Winter wurde es eingekocht oder k\u00fchl gelagert.<\/p>\n\n\n\n<div class=\"wp-block-group has-global-padding is-content-justification-left is-layout-constrained wp-container-core-group-is-layout-9fe8ed88 wp-block-group-is-layout-constrained\">\n<div class=\"wp-block-buttons is-layout-flex wp-block-buttons-is-layout-flex\">\n<div class=\"wp-block-button\"><a class=\"wp-block-button__link wp-element-button\" href=\"https:\/\/www.kuladig.de\/Objektansicht\/KLD-356611\">Zum KuLaDig-Objekt<\/a><\/div>\n<\/div>\n<\/div>\n<\/div>\n<\/div>\n\n\n\n<div class=\"wp-block-column is-vertically-aligned-center is-layout-flow wp-block-column-is-layout-flow\" style=\"flex-basis:50%\">\n<figure class=\"wp-block-image size-full is-style-rounded is-style-rounded--1\"><img fetchpriority=\"high\" decoding=\"async\" width=\"672\" height=\"719\" src=\"https:\/\/www.kulturelleserbe-rlp.de\/wp-content\/uploads\/2025\/10\/Obstbau-titelbild.jpg\" alt=\"\" class=\"wp-image-1505\" style=\"aspect-ratio:3\/4;object-fit:cover\" srcset=\"https:\/\/www.kulturelleserbe-rlp.de\/wp-content\/uploads\/2025\/10\/Obstbau-titelbild.jpg 672w, https:\/\/www.kulturelleserbe-rlp.de\/wp-content\/uploads\/2025\/10\/Obstbau-titelbild-280x300.jpg 280w\" sizes=\"(max-width: 672px) 100vw, 672px\" \/><\/figure>\n<\/div>\n<\/div>\n<\/div>\n\n\n\n<div class=\"wp-block-group alignfull has-base-background-color has-background has-global-padding is-layout-constrained wp-container-core-group-is-layout-d89aad35 wp-block-group-is-layout-constrained\" style=\"margin-top:0;margin-bottom:0;padding-top:var(--wp--preset--spacing--50);padding-right:var(--wp--preset--spacing--50);padding-bottom:var(--wp--preset--spacing--50);padding-left:var(--wp--preset--spacing--50)\">\n<div class=\"wp-block-columns alignwide is-layout-flex wp-container-core-columns-is-layout-549b0c86 wp-block-columns-is-layout-flex\">\n<div class=\"wp-block-column is-layout-flow wp-block-column-is-layout-flow\">\n<h2 class=\"wp-block-heading\"><strong><strong><strong><strong>Bedarf nach Obst steigt und Vereine entstehen<\/strong><\/strong><\/strong><\/strong><\/h2>\n\n\n\n<div class=\"wp-block-columns is-layout-flex wp-container-core-columns-is-layout-28f84493 wp-block-columns-is-layout-flex\">\n<div class=\"wp-block-column is-layout-flow wp-block-column-is-layout-flow\">\n<p>Mit dem Ende des 19. Jahrhunderts war in Deutschland eine enorme Entwicklung und Aufbruchsstimmung zu sp\u00fcren, einhergehend mit der Industrialisierung und einer Bev\u00f6lkerungszunahme, insbesondere in den St\u00e4dten. Eine ausk\u00f6mmliche Versorgung mit Obst und Gem\u00fcse wie anfangs beschrieben war f\u00fcr diesen Teil der Bev\u00f6lkerung jedoch nicht mehr gegeben. Dies rief die damalige Bezirksregierung in Speyer auf den Plan. Sie forderte zu einem verbesserten und verst\u00e4rkten Anbau von Obst und Gem\u00fcse zum Verkauf in den Gemeinden der Pfalz auf und empfahl den Zusammenschluss in Vereinen, die der Beratung, Schulung und  <\/p>\n<\/div>\n\n\n\n<div class=\"wp-block-column is-layout-flow wp-block-column-is-layout-flow\">\n<p>gegenseitigen Hilfestellung (z.B. durch Ausleihe einer gemeinsam angeschafften Obstbaum-spritze) dienten. <\/p>\n\n\n\n<p>In Heiligenstein \u2013 wie auch im gleichen Jahr in Berghausen \u2013 kam es daraufhin im Jahr 1903 zur Gr\u00fcndung eines \u201eObstbauvereins\u201c. An der Spitze des Heiligensteiner Vereins stand B\u00fcrgermeister Heinrich Koch. Die Aktivit\u00e4ten blieben aber in der Folgezeit \u00fcberschaubar. Erst nach dem 1. Weltkrieg, als Georg Sitzenstuhl im Jahr 1921 den Vorsitz \u00fcbernahm, begann ein Umdenken unter den Landwirten. Mit zahlreichen  <\/p>\n<\/div>\n\n\n\n<div class=\"wp-block-column is-layout-flow wp-block-column-is-layout-flow\">\n<p>Informationsabenden zu Baumpflege und Sch\u00e4dlingsbek\u00e4mpfung, mit dem Dr\u00e4ngen auf die Anlage von neuen Baumkulturen, gelang es Georg Sitzenstuhl, der beruflich Berater f\u00fcr Obst- und Gartenbau beim Landratsamt Speyer war, innerhalb weniger Jahre nicht nur die Ertr\u00e4ge auf dem Acker, sondern auch die Mitgliederzahlen des Obst- und Gartenbauvereins Heiligenstein kr\u00e4ftig zu erh\u00f6hen. Waren es bei \u00dcbernahme des Vorsitzes im Jahr 1921 gerade mal 11 Mitglieder, so z\u00e4hlte der Verein im Jahr 1930 121 Mitglieder.<\/p>\n<\/div>\n<\/div>\n\n\n\n<h2 class=\"wp-block-heading\"><\/h2>\n<\/div>\n<\/div>\n<\/div>\n\n\n\n<div class=\"wp-block-group alignfull has-accent-5-background-color has-background has-global-padding is-layout-constrained wp-container-core-group-is-layout-d89aad35 wp-block-group-is-layout-constrained\" style=\"margin-top:0;margin-bottom:0;padding-top:var(--wp--preset--spacing--50);padding-right:var(--wp--preset--spacing--50);padding-bottom:var(--wp--preset--spacing--50);padding-left:var(--wp--preset--spacing--50)\">\n<div class=\"wp-block-columns alignwide is-layout-flex wp-container-core-columns-is-layout-1da03c2a wp-block-columns-is-layout-flex\">\n<div class=\"wp-block-column is-layout-flow wp-block-column-is-layout-flow\">\n<figure class=\"wp-block-embed is-type-video is-provider-youtube wp-block-embed-youtube wp-embed-aspect-16-9 wp-has-aspect-ratio\"><div class=\"wp-block-embed__wrapper\">\n<iframe title=\"Die Obstplantagen in R\u00f6merberg-Heiligenstein (2024)\" width=\"500\" height=\"281\" src=\"https:\/\/www.youtube.com\/embed\/6dnWcd5yU_s?feature=oembed\" frameborder=\"0\" allow=\"accelerometer; autoplay; clipboard-write; encrypted-media; gyroscope; picture-in-picture; web-share\" referrerpolicy=\"strict-origin-when-cross-origin\" allowfullscreen><\/iframe>\n<\/div><figcaption class=\"wp-element-caption\"><mark style=\"background-color:rgba(0, 0, 0, 0);color:#111111\" class=\"has-inline-color\"><strong>Guido Heil, ehemaliger Vorsitzender des des Obst- und Gartenbauvereins Heiligenstein, erz\u00e4hlt von den Obstplantagen, die es einst in R\u00f6merberg-Heiligenstein gab (2024).<\/strong><\/mark><\/figcaption><\/figure>\n<\/div>\n<\/div>\n<\/div>\n\n\n\n<div class=\"wp-block-group alignfull has-base-background-color has-background has-global-padding is-layout-constrained wp-container-core-group-is-layout-d89aad35 wp-block-group-is-layout-constrained\" style=\"margin-top:0;margin-bottom:0;padding-top:var(--wp--preset--spacing--50);padding-right:var(--wp--preset--spacing--50);padding-bottom:var(--wp--preset--spacing--50);padding-left:var(--wp--preset--spacing--50)\">\n<div class=\"wp-block-columns alignwide is-layout-flex wp-container-core-columns-is-layout-549b0c86 wp-block-columns-is-layout-flex\">\n<div class=\"wp-block-column is-layout-flow wp-block-column-is-layout-flow\">\n<h2 class=\"wp-block-heading\"><strong><strong><strong><strong><strong>Gl\u00fccksfall Georg Sitzenstuhl<\/strong><\/strong><\/strong><\/strong><\/strong><\/h2>\n\n\n\n<div class=\"wp-block-columns is-layout-flex wp-container-core-columns-is-layout-28f84493 wp-block-columns-is-layout-flex\">\n<div class=\"wp-block-column is-layout-flow wp-block-column-is-layout-flow\">\n<p>Sitzenstuhl war in seiner beruflichen Funktion auch in Berghausen aktiv. Auch hier empfahl er den Anbau von Pfirsichen (und Mirabellen) und Erdbeeren als Unterkulturen. Mit der Auswahl von ganz bestimmten Sorten bei der Neuanlage konnte Obst in gr\u00f6\u00dferen Mengen angeliefert und \u00fcber den Gro\u00dfhandel abgesetzt werden. So brach in beiden Gemeinden, Heiligenstein und Berghausen, in den Folgejahren nach 1930 die \u201e1. Bl\u00fctezeit\u201c an. In der Festschrift zum 50-j\u00e4hrigen Bestehen des Obst- und Gartenbauvereins Berghausen hei\u00dft es w\u00f6rtlich: \u201eDer Erfolg der <\/p>\n<\/div>\n\n\n\n<div class=\"wp-block-column is-layout-flow wp-block-column-is-layout-flow\">\n<p>Neupflanzungen von Pfirsichen mit Erdbeeren als Unterkulturen zeigte sich jetzt. Zur Zeit der Ernte konnten t\u00e4glich durch den Gro\u00dfmarkt Waggons an Erdbeeren an die Gro\u00dfm\u00e4rkte verladen werden.\u201c Im Jahr 1934 waren es in Heiligenstein beispielsweise 908 Zentner Pfirsiche und 2 Jahre sp\u00e4ter, im Jahr 1936, sogar 3.522 Zentner Erdbeeren. Nach getaner Arbeit auf dem Acker ging es mit dem Leiterwagen oder der Marktschees voll mit K\u00f6rben und frischen Fr\u00fcchten zu der Abnahmestelle am Bahnhof. Dort standen sie dann in Reih und Glied und warteten<\/p>\n<\/div>\n\n\n\n<div class=\"wp-block-column is-layout-flow wp-block-column-is-layout-flow\">\n<p> auf das Einwiegen und den Lieferschein. Die Vermarktung des Obstes hatte zwischenzeitlich auch eine bedeutende wirtschaftliche Gr\u00f6\u00dfe erreicht, die es erforderlich machte eine Absatzgenossenschaft zu gr\u00fcnden. So formierte sich in Heiligenstein im Jahr 1931 eine Obst- und Gem\u00fcseabsatzgenossenschaft; \u00e4hnliches geschah auch in Berghausen. Beide \u00f6rtliche Genossenschaften hatten Bestand bis in die Mitte der 60er Jahre und gingen dann im Gro\u00dfmarkt Schifferstadt auf.<\/p>\n<\/div>\n<\/div>\n\n\n\n<h2 class=\"wp-block-heading\"><\/h2>\n<\/div>\n<\/div>\n<\/div>\n\n\n\n<div class=\"wp-block-group alignfull has-accent-5-background-color has-background has-global-padding is-layout-constrained wp-container-core-group-is-layout-d89aad35 wp-block-group-is-layout-constrained\" style=\"margin-top:0;margin-bottom:0;padding-top:var(--wp--preset--spacing--50);padding-right:var(--wp--preset--spacing--50);padding-bottom:var(--wp--preset--spacing--50);padding-left:var(--wp--preset--spacing--50)\">\n<h2 class=\"wp-block-heading alignwide\">Kleiner Exkurs: Die Marktschees<\/h2>\n\n\n\n<div class=\"wp-block-columns alignwide is-layout-flex wp-container-core-columns-is-layout-1da03c2a wp-block-columns-is-layout-flex\">\n<div class=\"wp-block-column is-layout-flow wp-block-column-is-layout-flow\" style=\"flex-basis:66.66%\">\n<figure class=\"wp-block-embed is-type-video is-provider-youtube wp-block-embed-youtube wp-embed-aspect-16-9 wp-has-aspect-ratio\"><div class=\"wp-block-embed__wrapper\">\n<iframe title=\"Lilo und Willi K\u00f6gel \u00fcber die Marktschees als Transportmittel (2024)\" width=\"500\" height=\"281\" src=\"https:\/\/www.youtube.com\/embed\/N_ChIU2bdrU?feature=oembed\" frameborder=\"0\" allow=\"accelerometer; autoplay; clipboard-write; encrypted-media; gyroscope; picture-in-picture; web-share\" referrerpolicy=\"strict-origin-when-cross-origin\" allowfullscreen><\/iframe>\n<\/div><figcaption class=\"wp-element-caption\"><mark style=\"background-color:rgba(0, 0, 0, 0);color:#111111\" class=\"has-inline-color\"><strong>Lilo und Willi K\u00f6gel sprechen \u00fcber die Marktschees als Transportmittel im Obst- und Gem\u00fcseanbau (2024).<\/strong><\/mark><\/figcaption><\/figure>\n<\/div>\n\n\n\n<div class=\"wp-block-column is-layout-flow wp-block-column-is-layout-flow\" style=\"flex-basis:33.33%\">\n<p>Auf \u00e4lteren Fotos findet man sie, in der heutigen Zeit dagegen nur noch selten: die Marktschees. Sie war bis in die 60er Jahre das Transportmittel im Dorfes schlechthin. Jeder Haushalt hatte eine; sie wurden von Generation zu Generation weitergegeben und immer wieder repariert. Sie ist ein Schiebewagen, ganz im Gegensatz zu einem Handwagen, der gezogen wird und bestand aus einem rechteckigen, gr\u00f6\u00dferen Korb und zwei starren Achsen darunter mit vier eisenbereiften Holzr\u00e4dern, sp\u00e4ter Gummireifen. Zum Schieben gab es eine waagrechte Holzstange in Griffh\u00f6he \u2013 und zum Lenken musste man sie leicht anheben und in die gew\u00fcnschte Richtung dr\u00fccken. Heute sind die Marktscheesen fast nur noch bei festlichen Umz\u00fcgen zu sehen, wenn beispielsweise die Frauen der Weiberbratenvereinigung beim j\u00e4hrlichen Brezelfestumzug vorbeiziehen.<\/p>\n<\/div>\n<\/div>\n<\/div>\n\n\n\n<div class=\"wp-block-group alignfull has-base-background-color has-background has-global-padding is-layout-constrained wp-container-core-group-is-layout-d89aad35 wp-block-group-is-layout-constrained\" style=\"margin-top:0;margin-bottom:0;padding-top:var(--wp--preset--spacing--50);padding-right:var(--wp--preset--spacing--50);padding-bottom:var(--wp--preset--spacing--50);padding-left:var(--wp--preset--spacing--50)\">\n<div class=\"wp-block-columns alignwide is-layout-flex wp-container-core-columns-is-layout-549b0c86 wp-block-columns-is-layout-flex\">\n<div class=\"wp-block-column is-layout-flow wp-block-column-is-layout-flow\">\n<h2 class=\"wp-block-heading\"><strong><strong><strong><strong><strong>Kriegs- und Nachkriegszeit<\/strong><\/strong><\/strong><\/strong><\/strong><\/h2>\n\n\n\n<div class=\"wp-block-columns is-layout-flex wp-container-core-columns-is-layout-28f84493 wp-block-columns-is-layout-flex\">\n<div class=\"wp-block-column is-layout-flow wp-block-column-is-layout-flow\">\n<p>Die Kriegswirren und auch die sehr kalten Winter 1939 bis 1941 sorgten mit daf\u00fcr, dass ein gro\u00dfer Teil der Obstkulturen vernichtet waren. 1948 wurden in Heiligenstein nur noch 5.000 Pfirsichb\u00e4ume und 4 Morgen Erdbeerkulturen gez\u00e4hlt \u2013 und erst jetzt gab die franz\u00f6sische Besatzungsmacht gr\u00fcnes Licht f\u00fcr ein Aufleben der T\u00e4tigkeit des Obst- und Gartenbauvereins. Georg Sitzenstuhl, immer noch Vorsitzender des Vereins, z\u00f6gerte nicht lange und warb bei seinen <\/p>\n<\/div>\n\n\n\n<div class=\"wp-block-column is-layout-flow wp-block-column-is-layout-flow\">\n<p>Landwirten im Ort um Neuanpflanzungen. Bei einer Z\u00e4hlung im Jahr 1951 war die Zahl der Pfirsichb\u00e4ume schon wieder auf 16.000 St\u00fcck gestiegen und Tausende von neuen Erdbeerpflanzen sollten wieder helfen, dass der Ort zu alter Bl\u00fcte zur\u00fcckkehrt. Und Mitte der 1950er Jahre reihten sich wieder Marktschees an Marktschees in einer langen Reihe vor den Annahmestellen. Diese lagen nicht mehr am Bahnhof, sondern jetzt in der Heiligensteiner <\/p>\n<\/div>\n\n\n\n<div class=\"wp-block-column is-layout-flow wp-block-column-is-layout-flow\">\n<p>Hauptstra\u00dfe, zuerst bei Lorenz Maier\/Anton Schlosser, Heiligensteinerstr. 49, bei Anna Heil<br>Heiligensteinerstr. 57, dann bei Ludwig Kahlenberger, Heiligensteinerstr. 72 und im ehemaligen Raiffeisengel\u00e4nde (heute Bauhof). Die H\u00e4ndler kamen nun mit Lastkraftwagen und flugs war die Ware am gleichen Tag schon in K\u00f6ln oder Dortmund.<\/p>\n<\/div>\n<\/div>\n\n\n\n<h2 class=\"wp-block-heading\"><\/h2>\n\n\n\n<figure class=\"wp-block-image size-large is-resized\"><img decoding=\"async\" width=\"1024\" height=\"652\" src=\"https:\/\/www.kulturelleserbe-rlp.de\/wp-content\/uploads\/2025\/10\/marktscheesen-obstbau--1024x652.jpg\" alt=\"\" class=\"wp-image-1508\" style=\"width:1280px;height:auto\" srcset=\"https:\/\/www.kulturelleserbe-rlp.de\/wp-content\/uploads\/2025\/10\/marktscheesen-obstbau--1024x652.jpg 1024w, https:\/\/www.kulturelleserbe-rlp.de\/wp-content\/uploads\/2025\/10\/marktscheesen-obstbau--300x191.jpg 300w, https:\/\/www.kulturelleserbe-rlp.de\/wp-content\/uploads\/2025\/10\/marktscheesen-obstbau--768x489.jpg 768w, https:\/\/www.kulturelleserbe-rlp.de\/wp-content\/uploads\/2025\/10\/marktscheesen-obstbau-.jpg 1127w\" sizes=\"(max-width: 1024px) 100vw, 1024px\" \/><figcaption class=\"wp-element-caption\"><mark style=\"background-color:rgba(0, 0, 0, 0)\" class=\"has-inline-color has-custom-color-1-color\"><strong>Szene aus dem Heiligensteiner Heimatfilm mit R\u00f6merberger Obstb\u00e4uerinnen und Obstbauern mit ihren Markschees auf dem Weg zur Annahmestelle (1956). <\/strong><\/mark><\/figcaption><\/figure>\n<\/div>\n<\/div>\n<\/div>\n\n\n\n<div class=\"wp-block-group alignfull has-base-background-color has-background has-global-padding is-layout-constrained wp-container-core-group-is-layout-d89aad35 wp-block-group-is-layout-constrained\" style=\"margin-top:0;margin-bottom:0;padding-top:var(--wp--preset--spacing--50);padding-right:var(--wp--preset--spacing--50);padding-bottom:var(--wp--preset--spacing--50);padding-left:var(--wp--preset--spacing--50)\">\n<div class=\"wp-block-columns alignwide is-layout-flex wp-container-core-columns-is-layout-549b0c86 wp-block-columns-is-layout-flex\">\n<div class=\"wp-block-column is-layout-flow wp-block-column-is-layout-flow\">\n<h2 class=\"wp-block-heading\"><strong><strong><strong><strong><strong>Die Konkurrenz aus der EWG macht sich bemerkbar<\/strong><\/strong><\/strong><\/strong><\/strong><\/h2>\n\n\n\n<div class=\"wp-block-columns is-layout-flex wp-container-core-columns-is-layout-28f84493 wp-block-columns-is-layout-flex\">\n<div class=\"wp-block-column is-layout-flow wp-block-column-is-layout-flow\">\n<p>Nicht nur das altersbedingte Ausscheiden von Georg Sitzenstuhl aus dem Vorstand im Jahr 1956 und der darauffolgende strenge Winter, der viele Pfirsichb\u00e4ume vernichtete, sind die ersten Anzeichen eines Abklingens der \u201e2. Bl\u00fctezeit\u201c in Heiligenstein und Berghausen. Man setzte in der Folgezeit verst\u00e4rkt auf Kernobst und zeitweise auf Rhabarber unter Folie, aber die immer st\u00e4rker werdende Konkurrenz aus dem EWG-Markt brachte die Preise ins Wanken und manch einer entschloss sich zur Aufgabe. Das \u201ePfirsichparadies\u201c Heiligenstein und Berghausen war Vergangenheit.<\/p>\n\n\n\n<p>(Heinz-Peter Schneider, Verein f\u00fcr Heimat- und Brauchtumspflege in R\u00f6merberg e.V., 2024)<\/p>\n<\/div>\n\n\n\n<div class=\"wp-block-column is-layout-flow wp-block-column-is-layout-flow\">\n<figure class=\"wp-block-image size-large\"><img decoding=\"async\" width=\"1024\" height=\"652\" src=\"https:\/\/www.kulturelleserbe-rlp.de\/wp-content\/uploads\/2025\/10\/obstbau-menschen-1024x652.jpg\" alt=\"\" class=\"wp-image-1507\" srcset=\"https:\/\/www.kulturelleserbe-rlp.de\/wp-content\/uploads\/2025\/10\/obstbau-menschen-1024x652.jpg 1024w, https:\/\/www.kulturelleserbe-rlp.de\/wp-content\/uploads\/2025\/10\/obstbau-menschen-300x191.jpg 300w, https:\/\/www.kulturelleserbe-rlp.de\/wp-content\/uploads\/2025\/10\/obstbau-menschen-768x489.jpg 768w, https:\/\/www.kulturelleserbe-rlp.de\/wp-content\/uploads\/2025\/10\/obstbau-menschen.jpg 1119w\" sizes=\"(max-width: 1024px) 100vw, 1024px\" \/><figcaption class=\"wp-element-caption\"><mark style=\"background-color:rgba(0, 0, 0, 0)\" class=\"has-inline-color has-custom-color-1-color\"><strong>Szene aus dem Heiligensteiner Heimatfilm mit R\u00f6merberger Obstbauern und -H\u00e4ndlern an der Annahmestelle (1956). <\/strong><\/mark><\/figcaption><\/figure>\n<\/div>\n<\/div>\n\n\n\n<h2 class=\"wp-block-heading\"><\/h2>\n<\/div>\n<\/div>\n<\/div>\n","protected":false},"excerpt":{"rendered":"<p>Lost Places in R\u00f6merberg Kann sich heute jemand vorstellen, dass die beiden Ortsteile von R\u00f6merberg, Berghausen und Heiligenstein, vor einigen Jahrzehnten f\u00f6rmlich eingerahmt waren mit Tausenden von Pfirsichb\u00e4umen und hektarweise Erdbeerpflanzen? Kann sich heute jemand vorstellen, dass die beiden Ortsteile von R\u00f6merberg, Berghausen und Heiligenstein, vor einigen Jahrzehnten f\u00f6rmlich eingerahmt waren mit Tausenden von Pfirsichb\u00e4umen [&hellip;]<\/p>\n","protected":false},"author":1,"featured_media":0,"parent":0,"menu_order":0,"comment_status":"closed","ping_status":"closed","template":"","meta":{"footnotes":""},"class_list":["post-1499","page","type-page","status-publish","hentry"],"_links":{"self":[{"href":"https:\/\/www.kulturelleserbe-rlp.de\/index.php?rest_route=\/wp\/v2\/pages\/1499","targetHints":{"allow":["GET"]}}],"collection":[{"href":"https:\/\/www.kulturelleserbe-rlp.de\/index.php?rest_route=\/wp\/v2\/pages"}],"about":[{"href":"https:\/\/www.kulturelleserbe-rlp.de\/index.php?rest_route=\/wp\/v2\/types\/page"}],"author":[{"embeddable":true,"href":"https:\/\/www.kulturelleserbe-rlp.de\/index.php?rest_route=\/wp\/v2\/users\/1"}],"replies":[{"embeddable":true,"href":"https:\/\/www.kulturelleserbe-rlp.de\/index.php?rest_route=%2Fwp%2Fv2%2Fcomments&post=1499"}],"version-history":[{"count":8,"href":"https:\/\/www.kulturelleserbe-rlp.de\/index.php?rest_route=\/wp\/v2\/pages\/1499\/revisions"}],"predecessor-version":[{"id":1510,"href":"https:\/\/www.kulturelleserbe-rlp.de\/index.php?rest_route=\/wp\/v2\/pages\/1499\/revisions\/1510"}],"wp:attachment":[{"href":"https:\/\/www.kulturelleserbe-rlp.de\/index.php?rest_route=%2Fwp%2Fv2%2Fmedia&parent=1499"}],"curies":[{"name":"wp","href":"https:\/\/api.w.org\/{rel}","templated":true}]}}