{"id":1201,"date":"2025-07-24T12:13:22","date_gmt":"2025-07-24T12:13:22","guid":{"rendered":"https:\/\/www.kulturelleserbe-rlp.de\/?page_id=1201"},"modified":"2025-10-14T06:45:04","modified_gmt":"2025-10-14T06:45:04","slug":"torfgruben-in-den-schwarzwiesen-in-mechtersheim","status":"publish","type":"page","link":"https:\/\/www.kulturelleserbe-rlp.de\/?page_id=1201","title":{"rendered":"Torfgruben in den Schwarzwiesen in Mechtersheim"},"content":{"rendered":"\n<h3 class=\"wp-block-heading\">Lost Places in <a href=\"https:\/\/www.kuladig.de\/Objektansicht\/KLD-356500\">R\u00f6merberg <\/a><br><br><\/h3>\n\n\n\n<div class=\"wp-block-group alignfull has-accent-background-color has-background has-global-padding is-layout-constrained wp-container-core-group-is-layout-669513ed wp-block-group-is-layout-constrained\" style=\"margin-top:0;margin-bottom:0;padding-top:var(--wp--preset--spacing--50);padding-right:var(--wp--preset--spacing--50);padding-bottom:var(--wp--preset--spacing--50);padding-left:var(--wp--preset--spacing--50)\">\n<div class=\"wp-block-columns alignwide is-layout-flex wp-container-core-columns-is-layout-1da03c2a wp-block-columns-is-layout-flex\">\n<div class=\"wp-block-column is-vertically-aligned-stretch is-layout-flow wp-block-column-is-layout-flow\" style=\"flex-basis:50%\">\n<div class=\"wp-block-group is-vertical is-content-justification-stretch is-layout-flex wp-container-core-group-is-layout-444d5ee8 wp-block-group-is-layout-flex\" style=\"min-height:100%\">\n<p class=\"has-heading-font-family has-x-large-font-size\" style=\"line-height:1.2\">Wann zum ersten Mal in den Feuchtgebieten unterhalb der Mechtersheimer Hochgestade Torf abgebaut wurde, ist heute&nbsp;nicht mehr nachvollziehbar. Dass hier aber Torf abgebaut wurde,&nbsp;l\u00e4sst sich&nbsp;durch alte Fotografien&nbsp;belegen. Auch gibt es Markierungen der Abbaufelder in den Karten dieser Zeit.<\/p>\n\n\n\n<div class=\"wp-block-group has-global-padding is-content-justification-left is-layout-constrained wp-container-core-group-is-layout-9fe8ed88 wp-block-group-is-layout-constrained\">\n<div class=\"wp-block-buttons is-layout-flex wp-block-buttons-is-layout-flex\">\n<div class=\"wp-block-button\"><a class=\"wp-block-button__link wp-element-button\" href=\"https:\/\/www.kuladig.de\/Objektansicht\/KLD-356412\">Zum KuLaDig-Objekt<\/a><\/div>\n<\/div>\n<\/div>\n<\/div>\n<\/div>\n\n\n\n<div class=\"wp-block-column is-vertically-aligned-center is-layout-flow wp-block-column-is-layout-flow\" style=\"flex-basis:50%\">\n<figure class=\"wp-block-image size-full is-style-rounded is-style-rounded--1\"><img fetchpriority=\"high\" decoding=\"async\" width=\"989\" height=\"646\" src=\"https:\/\/www.kulturelleserbe-rlp.de\/wp-content\/uploads\/2025\/07\/Vespa-2.jpg\" alt=\"\" class=\"wp-image-1207\" style=\"aspect-ratio:0.75;object-fit:cover\" srcset=\"https:\/\/www.kulturelleserbe-rlp.de\/wp-content\/uploads\/2025\/07\/Vespa-2.jpg 989w, https:\/\/www.kulturelleserbe-rlp.de\/wp-content\/uploads\/2025\/07\/Vespa-2-300x196.jpg 300w, https:\/\/www.kulturelleserbe-rlp.de\/wp-content\/uploads\/2025\/07\/Vespa-2-768x502.jpg 768w\" sizes=\"(max-width: 989px) 100vw, 989px\" \/><figcaption class=\"wp-element-caption\"><mark style=\"background-color:rgba(0, 0, 0, 0)\" class=\"has-inline-color has-custom-color-1-color\">Fotografien wie diese, entstanden um 1900, belegen, dass in den Schwarzwiesen Torfabbau stattgefunden hatte (Bild: Archiv H. Humbert). <\/mark><\/figcaption><\/figure>\n<\/div>\n<\/div>\n<\/div>\n\n\n\n<div class=\"wp-block-group alignfull has-base-background-color has-background has-global-padding is-layout-constrained wp-container-core-group-is-layout-d89aad35 wp-block-group-is-layout-constrained\" style=\"margin-top:0;margin-bottom:0;padding-top:var(--wp--preset--spacing--50);padding-right:var(--wp--preset--spacing--50);padding-bottom:var(--wp--preset--spacing--50);padding-left:var(--wp--preset--spacing--50)\">\n<div class=\"wp-block-columns alignwide is-layout-flex wp-container-core-columns-is-layout-549b0c86 wp-block-columns-is-layout-flex\">\n<div class=\"wp-block-column is-layout-flow wp-container-core-column-is-layout-119bc444 wp-block-column-is-layout-flow\" style=\"flex-basis:60%\">\n<p class=\"has-heading-font-family has-x-large-font-size\" style=\"line-height:1.2\"><strong>In Jahrtausenden entstanden &#8211; als Brennmaterial verfeuert<\/strong><\/p>\n\n\n\n<div class=\"wp-block-columns is-layout-flex wp-container-core-columns-is-layout-87beb0d0 wp-block-columns-is-layout-flex\">\n<div class=\"wp-block-column is-layout-flow wp-block-column-is-layout-flow\">\n<p class=\"wp-container-content-9cfa9a5a\">In Moorb\u00f6den entsteht der Torf unter Luftabschluss in einem Zeitraum von tausenden von Jahren durch eine unvollst\u00e4ndige Zersetzung von Pflanzenmaterial. Die Bedingungen dazu finden sich in nassen Bodenfl\u00e4chen mit undurchl\u00e4ssigem Untergrund.<\/p>\n\n\n\n<p>Was wir heute vorwiegend als Blumenerde aus dem Gartencenter kennen, hat unseren Vorfahren \u00fcber Jahrhunderte als Brennmaterial<\/p>\n<\/div>\n\n\n\n<div class=\"wp-block-column is-layout-flow wp-block-column-is-layout-flow\">\n<p>gedient. Bereits in der Bronzezeit vor \u00fcber 4000 Jahren hat sich der Mensch dieses Material zu Nutze gemacht. In der zweiten H\u00e4lfte des 18. Jahrhunderts, in der es durch die Industrialisierung regional zu einer Verknappung von Holz kam, wurde Torf als g\u00fcnstiger Brennstoff genutzt. Bis in die Zeit nach dem Zweiten Weltkrieg pachteten Menschen Torffelder, um im Winter ihr Zuhause heizen zu k\u00f6nnen. Tats\u00e4chlich hat Schwarztorf einen h\u00f6heren Brennwert als Holz.<\/p>\n\n\n\n<p><\/p>\n<\/div>\n<\/div>\n<\/div>\n\n\n\n<div class=\"wp-block-column is-layout-flow wp-block-column-is-layout-flow\">\n<figure class=\"wp-block-image size-full\"><img decoding=\"async\" width=\"1792\" height=\"1200\" src=\"https:\/\/www.kulturelleserbe-rlp.de\/wp-content\/uploads\/2025\/07\/Gutzkow-Museum-Torf-0403m-17.jpg\" alt=\"\" class=\"wp-image-1210\" srcset=\"https:\/\/www.kulturelleserbe-rlp.de\/wp-content\/uploads\/2025\/07\/Gutzkow-Museum-Torf-0403m-17.jpg 1792w, https:\/\/www.kulturelleserbe-rlp.de\/wp-content\/uploads\/2025\/07\/Gutzkow-Museum-Torf-0403m-17-300x201.jpg 300w, https:\/\/www.kulturelleserbe-rlp.de\/wp-content\/uploads\/2025\/07\/Gutzkow-Museum-Torf-0403m-17-1024x686.jpg 1024w, https:\/\/www.kulturelleserbe-rlp.de\/wp-content\/uploads\/2025\/07\/Gutzkow-Museum-Torf-0403m-17-768x514.jpg 768w, https:\/\/www.kulturelleserbe-rlp.de\/wp-content\/uploads\/2025\/07\/Gutzkow-Museum-Torf-0403m-17-1536x1029.jpg 1536w\" sizes=\"(max-width: 1792px) 100vw, 1792px\" \/><figcaption class=\"wp-element-caption\">Torf wurde in solchen St\u00fccken gestochen (Bild: Torfst\u00fccke im Museum G\u00fctzkow, <a href=\"https:\/\/commons.wikimedia.org\/wiki\/User:Chron-Paul\">Chron-Paul<\/a>, CC BY-SA 3.0)<br><\/figcaption><\/figure>\n<\/div>\n<\/div>\n<\/div>\n\n\n\n<div class=\"wp-block-group alignfull has-accent-5-background-color has-background has-global-padding is-layout-constrained wp-container-core-group-is-layout-d89aad35 wp-block-group-is-layout-constrained\" style=\"margin-top:0;margin-bottom:0;padding-top:var(--wp--preset--spacing--50);padding-right:var(--wp--preset--spacing--50);padding-bottom:var(--wp--preset--spacing--50);padding-left:var(--wp--preset--spacing--50)\">\n<div class=\"wp-block-columns alignwide is-layout-flex wp-container-core-columns-is-layout-1da03c2a wp-block-columns-is-layout-flex\">\n<div class=\"wp-block-column is-vertically-aligned-center is-layout-flow wp-block-column-is-layout-flow\" style=\"flex-basis:60%\">\n<figure class=\"wp-block-image size-full\"><img decoding=\"async\" width=\"989\" height=\"646\" src=\"https:\/\/www.kulturelleserbe-rlp.de\/wp-content\/uploads\/2025\/07\/Vespa-2.jpg\" alt=\"\" class=\"wp-image-1207\" srcset=\"https:\/\/www.kulturelleserbe-rlp.de\/wp-content\/uploads\/2025\/07\/Vespa-2.jpg 989w, https:\/\/www.kulturelleserbe-rlp.de\/wp-content\/uploads\/2025\/07\/Vespa-2-300x196.jpg 300w, https:\/\/www.kulturelleserbe-rlp.de\/wp-content\/uploads\/2025\/07\/Vespa-2-768x502.jpg 768w\" sizes=\"(max-width: 989px) 100vw, 989px\" \/><figcaption class=\"wp-element-caption\"><mark style=\"background-color:rgba(0, 0, 0, 0)\" class=\"has-inline-color has-custom-color-1-color\">Mechtersheimer B\u00fcrger beim Torfstechen in der Gewanne Schwarzwiesen (1930er Jahre). Bekannt sind im Vordergrund Georg Bohlender (1866-1947) mit Sohn Karl (1894-1969). (Bild:&nbsp;Bildband: &#8220;Berghausen &#8211; Heiligenstein &#8211; Mechtersheim anno dazumal&#8221; von 1986).<br><\/mark><\/figcaption><\/figure>\n<\/div>\n\n\n\n<div class=\"wp-block-column is-layout-flow wp-block-column-is-layout-flow\" style=\"flex-basis:40%\">\n<h4 class=\"wp-block-heading\"><em><strong>Die Bezeichnung Torf wurde im 16. Jahrhundert aus dem&nbsp;Nieder- ins&nbsp;Hochdeutsche&nbsp;\u00fcbernommen und geht auf das&nbsp;altniederdeutsche&nbsp;turf&nbsp;zur\u00fcck<\/strong><\/em><\/h4>\n\n\n\n<h6 class=\"wp-block-heading\">Quelle: Wikipedia \/ Torf<\/h6>\n<\/div>\n<\/div>\n\n\n\n<figure class=\"wp-block-image size-full\"><img loading=\"lazy\" decoding=\"async\" width=\"1024\" height=\"468\" src=\"https:\/\/www.kulturelleserbe-rlp.de\/wp-content\/uploads\/2025\/07\/Vespa.jpg\" alt=\"\" class=\"wp-image-1203\" srcset=\"https:\/\/www.kulturelleserbe-rlp.de\/wp-content\/uploads\/2025\/07\/Vespa.jpg 1024w, https:\/\/www.kulturelleserbe-rlp.de\/wp-content\/uploads\/2025\/07\/Vespa-300x137.jpg 300w, https:\/\/www.kulturelleserbe-rlp.de\/wp-content\/uploads\/2025\/07\/Vespa-768x351.jpg 768w\" sizes=\"(max-width: 1024px) 100vw, 1024px\" \/><figcaption class=\"wp-element-caption\"><mark style=\"background-color:rgba(0, 0, 0, 0)\" class=\"has-inline-color has-custom-color-1-color\">Torfabbaufelder unterhalb des Hochufers fr\u00fcherer Altrheinarme. <\/mark><\/figcaption><\/figure>\n<\/div>\n\n\n\n<div class=\"wp-block-group alignfull has-base-background-color has-background has-global-padding is-layout-constrained wp-container-core-group-is-layout-d89aad35 wp-block-group-is-layout-constrained\" style=\"margin-top:0;margin-bottom:0;padding-top:var(--wp--preset--spacing--50);padding-right:var(--wp--preset--spacing--50);padding-bottom:var(--wp--preset--spacing--50);padding-left:var(--wp--preset--spacing--50)\">\n<div class=\"wp-block-columns alignwide is-layout-flex wp-container-core-columns-is-layout-549b0c86 wp-block-columns-is-layout-flex\">\n<div class=\"wp-block-column is-layout-flow wp-block-column-is-layout-flow\">\n<h2 class=\"wp-block-heading\"><strong><strong><strong><strong>Torfabbau und Folgen f\u00fcr das Klima<\/strong><\/strong><\/strong><\/strong><\/h2>\n\n\n\n<div class=\"wp-block-columns is-layout-flex wp-container-core-columns-is-layout-28f84493 wp-block-columns-is-layout-flex\">\n<div class=\"wp-block-column is-layout-flow wp-block-column-is-layout-flow\">\n<p>Bevor der Torf abgebaut werden kann, muss das Moor entw\u00e4ssert werden. In den Schwarzwiesen ist durch den Ried- und Breitlachgraben und durch den \u201eM\u00fcllgraben\u201c nahe der&nbsp;<a href=\"https:\/\/www.kuladig.de\/Objektansicht\/KLD-356010\" target=\"_blank\" rel=\"noreferrer noopener\">Mechtersheimer M\u00fchle<\/a>&nbsp;der Wasserabfluss zum Rhein gew\u00e4hrleistet. Die Abbaufl\u00e4che wurde in lange, schmale Streifen eingeteilt. Die vorhandene Vegetation und der oberfl\u00e4chliche Mutterboden, die sog. Bunkerde von ca. 30 cm Dicke, ist abzutragen, bevor die Ziegel aus der Torfschicht heraus gestochen werden k\u00f6nnen. Als Werkzeug <\/p>\n<\/div>\n\n\n\n<div class=\"wp-block-column is-layout-flow wp-block-column-is-layout-flow\">\n<p>diente dabei der Bunkspaten. H\u00e4ufig f\u00fcllten sich die Gruben wieder mit Wasser, das abgesch\u00f6pft werden musste. Als \u201eWasen\u201c wird der Torf nach dem Stechen zum Trocknen durch Sonne und Wind ausgelegt, aufgeschichtet und mehrmals umgesetzt. Heute erfolgt diese m\u00fchevolle Arbeit allerdings maschinell. Da der Abbau von Torf der Natur schadet, m\u00f6chte man heute die vorhandenen Biotope erhalten. Moorb\u00f6den sind wichtige Kohlenstoffspeicher, sie enthalten etwa die f\u00fcnffache h\u00f6here Menge als Waldboden.<\/p>\n<\/div>\n\n\n\n<div class=\"wp-block-column is-layout-flow wp-block-column-is-layout-flow\">\n<p>Wenn Torf durch den Abbau der feuchten Moore an die Oberfl\u00e4che gelangt oder gar noch als Brennstoff verwendet wird, gelangt CO2 in die Atmosph\u00e4re und verst\u00e4rkt damit die Treibhausgasproblematik. W\u00fcrde man in Deutschland auf torfhaltige Blumenerde verzichten, k\u00f6nnte man alleine in Deutschland j\u00e4hrlich 400.000 Tonnen CO2 einsparen.<\/p>\n\n\n\n<p>(Hartwig Humbert, Heimat- und Brauchtumsverein in R\u00f6merberg, 2024)<\/p>\n<\/div>\n<\/div>\n<\/div>\n<\/div>\n<\/div>\n\n\n\n<div class=\"wp-block-group alignfull has-base-background-color has-background has-global-padding is-layout-constrained wp-container-core-group-is-layout-d89aad35 wp-block-group-is-layout-constrained\" style=\"margin-top:0;margin-bottom:0;padding-top:var(--wp--preset--spacing--50);padding-right:var(--wp--preset--spacing--50);padding-bottom:var(--wp--preset--spacing--50);padding-left:var(--wp--preset--spacing--50)\">\n<figure class=\"wp-block-image size-full\"><img loading=\"lazy\" decoding=\"async\" width=\"993\" height=\"646\" src=\"https:\/\/www.kulturelleserbe-rlp.de\/wp-content\/uploads\/2025\/07\/Vespa-1.jpg\" alt=\"\" class=\"wp-image-1212\" srcset=\"https:\/\/www.kulturelleserbe-rlp.de\/wp-content\/uploads\/2025\/07\/Vespa-1.jpg 993w, https:\/\/www.kulturelleserbe-rlp.de\/wp-content\/uploads\/2025\/07\/Vespa-1-300x195.jpg 300w, https:\/\/www.kulturelleserbe-rlp.de\/wp-content\/uploads\/2025\/07\/Vespa-1-768x500.jpg 768w\" sizes=\"(max-width: 993px) 100vw, 993px\" \/><figcaption class=\"wp-element-caption\"><mark style=\"background-color:rgba(0, 0, 0, 0)\" class=\"has-inline-color has-custom-color-1-color\">Mechtersheimer B\u00fcrger beim Abtransport der Torfziegel mit Schubkarren (1930er Jahre) (Bild:&nbsp;Bildband: &#8220;Berghausen &#8211; Heiligenstein &#8211; Mechtersheim anno dazumal&#8221; von 1986).<\/mark><\/figcaption><\/figure>\n<\/div>\n","protected":false},"excerpt":{"rendered":"<p>Lost Places in R\u00f6merberg Wann zum ersten Mal in den Feuchtgebieten unterhalb der Mechtersheimer Hochgestade Torf abgebaut wurde, ist heute&nbsp;nicht mehr nachvollziehbar. Dass hier aber Torf abgebaut wurde,&nbsp;l\u00e4sst sich&nbsp;durch alte Fotografien&nbsp;belegen. Auch gibt es Markierungen der Abbaufelder in den Karten dieser Zeit. In Jahrtausenden entstanden &#8211; als Brennmaterial verfeuert In Moorb\u00f6den entsteht der Torf unter [&hellip;]<\/p>\n","protected":false},"author":1,"featured_media":0,"parent":0,"menu_order":0,"comment_status":"closed","ping_status":"closed","template":"","meta":{"footnotes":""},"class_list":["post-1201","page","type-page","status-publish","hentry"],"_links":{"self":[{"href":"https:\/\/www.kulturelleserbe-rlp.de\/index.php?rest_route=\/wp\/v2\/pages\/1201","targetHints":{"allow":["GET"]}}],"collection":[{"href":"https:\/\/www.kulturelleserbe-rlp.de\/index.php?rest_route=\/wp\/v2\/pages"}],"about":[{"href":"https:\/\/www.kulturelleserbe-rlp.de\/index.php?rest_route=\/wp\/v2\/types\/page"}],"author":[{"embeddable":true,"href":"https:\/\/www.kulturelleserbe-rlp.de\/index.php?rest_route=\/wp\/v2\/users\/1"}],"replies":[{"embeddable":true,"href":"https:\/\/www.kulturelleserbe-rlp.de\/index.php?rest_route=%2Fwp%2Fv2%2Fcomments&post=1201"}],"version-history":[{"count":10,"href":"https:\/\/www.kulturelleserbe-rlp.de\/index.php?rest_route=\/wp\/v2\/pages\/1201\/revisions"}],"predecessor-version":[{"id":1484,"href":"https:\/\/www.kulturelleserbe-rlp.de\/index.php?rest_route=\/wp\/v2\/pages\/1201\/revisions\/1484"}],"wp:attachment":[{"href":"https:\/\/www.kulturelleserbe-rlp.de\/index.php?rest_route=%2Fwp%2Fv2%2Fmedia&parent=1201"}],"curies":[{"name":"wp","href":"https:\/\/api.w.org\/{rel}","templated":true}]}}