{"id":1001,"date":"2025-04-01T09:44:33","date_gmt":"2025-04-01T09:44:33","guid":{"rendered":"https:\/\/www.kulturelleserbe-rlp.de\/?page_id=1001"},"modified":"2025-10-14T06:41:25","modified_gmt":"2025-10-14T06:41:25","slug":"muhle-in-romerberg-mechtersheim","status":"publish","type":"page","link":"https:\/\/www.kulturelleserbe-rlp.de\/?page_id=1001","title":{"rendered":"M\u00fchle in R\u00f6merberg-Mechtersheim"},"content":{"rendered":"\n<h3 class=\"wp-block-heading\">Lost Places in <a href=\"https:\/\/www.kuladig.de\/Objektansicht\/KLD-356500\">R\u00f6merberg<\/a><\/h3>\n\n\n\n<p><\/p>\n\n\n\n<div class=\"wp-block-group alignfull has-accent-background-color has-background has-global-padding is-layout-constrained wp-container-core-group-is-layout-669513ed wp-block-group-is-layout-constrained\" style=\"margin-top:0;margin-bottom:0;padding-top:var(--wp--preset--spacing--50);padding-right:var(--wp--preset--spacing--50);padding-bottom:var(--wp--preset--spacing--50);padding-left:var(--wp--preset--spacing--50)\">\n<div class=\"wp-block-columns alignwide is-layout-flex wp-container-core-columns-is-layout-1da03c2a wp-block-columns-is-layout-flex\">\n<div class=\"wp-block-column is-vertically-aligned-stretch is-layout-flow wp-block-column-is-layout-flow\" style=\"flex-basis:50%\">\n<div class=\"wp-block-group is-vertical is-content-justification-stretch is-layout-flex wp-container-core-group-is-layout-444d5ee8 wp-block-group-is-layout-flex\" style=\"min-height:100%\">\n<p class=\"has-heading-font-family has-x-large-font-size\" style=\"line-height:1.2\">Dass es in Mechtersheim einst eine M\u00fchle gab, daran erinnert heute nur noch der Name der Gewanne \u201eIm M\u00fchlgarten\u201c und die irrt\u00fcmliche Benennung eines \u201eM\u00fcllgrabens\u201c. Doch mittelalterliche Urkunden bezeugen, dass s\u00fcdlich des Ortes eine M\u00fchle bestanden hatte. <\/p>\n\n\n\n<div class=\"wp-block-group has-global-padding is-content-justification-left is-layout-constrained wp-container-core-group-is-layout-9fe8ed88 wp-block-group-is-layout-constrained\">\n<div class=\"wp-block-buttons is-layout-flex wp-block-buttons-is-layout-flex\">\n<div class=\"wp-block-button\"><a class=\"wp-block-button__link wp-element-button\" href=\"https:\/\/www.kuladig.de\/Objektansicht\/KLD-356010\" target=\"_blank\" rel=\"noreferrer noopener\">Zum KuLaDig-Objekt<\/a><\/div>\n<\/div>\n<\/div>\n<\/div>\n<\/div>\n\n\n\n<div class=\"wp-block-column is-vertically-aligned-center is-layout-flow wp-block-column-is-layout-flow\" style=\"flex-basis:50%\">\n<figure class=\"wp-block-image size-large is-style-rounded is-style-rounded--1\"><img fetchpriority=\"high\" decoding=\"async\" width=\"727\" height=\"1024\" src=\"https:\/\/www.kulturelleserbe-rlp.de\/wp-content\/uploads\/2025\/04\/3-Mechtersheim_1785-727x1024.jpg\" alt=\"\" class=\"wp-image-1014\" style=\"aspect-ratio:3\/4;object-fit:cover\" srcset=\"https:\/\/www.kulturelleserbe-rlp.de\/wp-content\/uploads\/2025\/04\/3-Mechtersheim_1785-727x1024.jpg 727w, https:\/\/www.kulturelleserbe-rlp.de\/wp-content\/uploads\/2025\/04\/3-Mechtersheim_1785-213x300.jpg 213w, https:\/\/www.kulturelleserbe-rlp.de\/wp-content\/uploads\/2025\/04\/3-Mechtersheim_1785-768x1082.jpg 768w, https:\/\/www.kulturelleserbe-rlp.de\/wp-content\/uploads\/2025\/04\/3-Mechtersheim_1785-1090x1536.jpg 1090w, https:\/\/www.kulturelleserbe-rlp.de\/wp-content\/uploads\/2025\/04\/3-Mechtersheim_1785.jpg 1394w\" sizes=\"(max-width: 727px) 100vw, 727px\" \/><\/figure>\n<\/div>\n<\/div>\n<\/div>\n\n\n\n<div class=\"wp-block-group alignfull has-base-background-color has-background has-global-padding is-layout-constrained wp-container-core-group-is-layout-d89aad35 wp-block-group-is-layout-constrained\" style=\"margin-top:0;margin-bottom:0;padding-top:var(--wp--preset--spacing--50);padding-right:var(--wp--preset--spacing--50);padding-bottom:var(--wp--preset--spacing--50);padding-left:var(--wp--preset--spacing--50)\">\n<div class=\"wp-block-columns alignwide is-layout-flex wp-container-core-columns-is-layout-549b0c86 wp-block-columns-is-layout-flex\">\n<div class=\"wp-block-column is-layout-flow wp-block-column-is-layout-flow\">\n<figure class=\"wp-block-image size-full\"><img decoding=\"async\" width=\"857\" height=\"646\" src=\"https:\/\/www.kulturelleserbe-rlp.de\/wp-content\/uploads\/2025\/04\/Vespa.jpg\" alt=\"\" class=\"wp-image-1004\" srcset=\"https:\/\/www.kulturelleserbe-rlp.de\/wp-content\/uploads\/2025\/04\/Vespa.jpg 857w, https:\/\/www.kulturelleserbe-rlp.de\/wp-content\/uploads\/2025\/04\/Vespa-300x226.jpg 300w, https:\/\/www.kulturelleserbe-rlp.de\/wp-content\/uploads\/2025\/04\/Vespa-768x579.jpg 768w\" sizes=\"(max-width: 857px) 100vw, 857px\" \/><figcaption class=\"wp-element-caption\"><mark style=\"background-color:rgba(0, 0, 0, 0)\" class=\"has-inline-color has-custom-color-1-color\">Im Mittelalter wurde zwecks Wasserantrieb f\u00fcr die M\u00fchle aus dem Horbach bei Lingenfeld ein k\u00fcnstlicher \u0084Bachleitweg\u0093 angelegt, der durch Abbr\u00fcche des Altrheins heute nicht mehr besteht (Bild: Hartwig Humbert, R\u00f6merberg, 2025)<\/mark><\/figcaption><\/figure>\n<\/div>\n\n\n\n<div class=\"wp-block-column is-layout-flow wp-container-core-column-is-layout-119bc444 wp-block-column-is-layout-flow\" style=\"flex-basis:60%\">\n<p class=\"has-heading-font-family has-x-large-font-size\" style=\"line-height:1.2\"><strong>Die Anlage eines M\u00fchlbachs<\/strong><\/p>\n\n\n\n<div class=\"wp-block-columns is-layout-flex wp-container-core-columns-is-layout-87beb0d0 wp-block-columns-is-layout-flex\">\n<div class=\"wp-block-column is-layout-flow wp-block-column-is-layout-flow\">\n<p class=\"wp-container-content-9cfa9a5a\">Da das Dorf keinen Bachlauf hatte, wurde aus dem Horbach in Lingenfeld ein \u201eBachleitweg\u201c, also ein k\u00fcnstlicher Kanal, Richtung Mechtersheim an dem Hang entlang des Schlittbergs, oberhalb der Schwarzwiesen in Richtung Mechtersheim angelegt. Zeitzeugen konnten noch in der dort gelegenen Tongrube, die sp\u00e4ter als M\u00fcll- und dann als Erddeponie diente, <\/p>\n<\/div>\n\n\n\n<div class=\"wp-block-column is-layout-flow wp-block-column-is-layout-flow\">\n<p>Spuren eines Bachbettes ausmachen. Eine Urkunde von 1318 belegt, dass das <a href=\"https:\/\/www.kuladig.de\/Objektansicht\/KLD-326184\" target=\"_blank\" rel=\"noreferrer noopener\">Kloster Eu\u00dferthal<\/a>, dem das Mechtersheimer Gut geh\u00f6rte, f\u00fcr diese Wasserrechte der Lingenfelder Kirche j\u00e4hrlich eine \u00d6lrente von 17 Pfund zu entrichten hatte. Auch ein Dokument von 1321 best\u00e4tigte, dass der Bach \u201eimmerw\u00e4hrend und ohne Widerstand\u201c nach Mechtersheim geleitet werden kann.<\/p>\n<\/div>\n<\/div>\n<\/div>\n<\/div>\n<\/div>\n\n\n\n<div class=\"wp-block-group alignfull has-accent-5-background-color has-background has-global-padding is-layout-constrained wp-container-core-group-is-layout-d89aad35 wp-block-group-is-layout-constrained\" style=\"margin-top:0;margin-bottom:0;padding-top:var(--wp--preset--spacing--50);padding-right:var(--wp--preset--spacing--50);padding-bottom:var(--wp--preset--spacing--50);padding-left:var(--wp--preset--spacing--50)\">\n<div class=\"wp-block-columns alignwide is-layout-flex wp-container-core-columns-is-layout-1da03c2a wp-block-columns-is-layout-flex\">\n<div class=\"wp-block-column is-vertically-aligned-center is-layout-flow wp-block-column-is-layout-flow\" style=\"flex-basis:60%\">\n<figure class=\"wp-block-gallery has-nested-images columns-default is-cropped wp-block-gallery-2 is-layout-flex wp-block-gallery-is-layout-flex\">\n<figure class=\"wp-block-image size-full\"><img decoding=\"async\" width=\"628\" height=\"632\" data-id=\"1006\" src=\"https:\/\/www.kulturelleserbe-rlp.de\/wp-content\/uploads\/2025\/04\/Vespa-1.jpg\" alt=\"\" class=\"wp-image-1006\" srcset=\"https:\/\/www.kulturelleserbe-rlp.de\/wp-content\/uploads\/2025\/04\/Vespa-1.jpg 628w, https:\/\/www.kulturelleserbe-rlp.de\/wp-content\/uploads\/2025\/04\/Vespa-1-298x300.jpg 298w, https:\/\/www.kulturelleserbe-rlp.de\/wp-content\/uploads\/2025\/04\/Vespa-1-150x150.jpg 150w\" sizes=\"(max-width: 628px) 100vw, 628px\" \/><\/figure>\n<\/figure>\n<\/div>\n\n\n\n<div class=\"wp-block-column is-layout-flow wp-block-column-is-layout-flow\" style=\"flex-basis:40%\">\n<h2 class=\"wp-block-heading\">Spurensuche mittels Karten<\/h2>\n\n\n\n<p>Verschiedene historische Karten von 1705 (links), 1785 und 1820 (siehe unten) geben Hinweise auf den Standort eines M\u00fchlengeb\u00e4udes.<\/p>\n<\/div>\n<\/div>\n<\/div>\n\n\n\n<div class=\"wp-block-group alignfull has-base-background-color has-background has-global-padding is-layout-constrained wp-container-core-group-is-layout-d89aad35 wp-block-group-is-layout-constrained\" style=\"margin-top:0;margin-bottom:0;padding-top:var(--wp--preset--spacing--50);padding-right:var(--wp--preset--spacing--50);padding-bottom:var(--wp--preset--spacing--50);padding-left:var(--wp--preset--spacing--50)\">\n<div class=\"wp-block-columns alignwide is-layout-flex wp-container-core-columns-is-layout-549b0c86 wp-block-columns-is-layout-flex\">\n<div class=\"wp-block-column is-layout-flow wp-container-core-column-is-layout-119bc444 wp-block-column-is-layout-flow\" style=\"flex-basis:60%\">\n<p class=\"has-heading-font-family has-x-large-font-size\" style=\"line-height:1.2\"><strong><strong>Hoheitliche Erlaubnis zum Bau einer M\u00fchle<\/strong><\/strong><\/p>\n\n\n\n<div class=\"wp-block-columns is-layout-flex wp-container-core-columns-is-layout-87beb0d0 wp-block-columns-is-layout-flex\">\n<div class=\"wp-block-column is-layout-flow wp-block-column-is-layout-flow\">\n<p class=\"wp-container-content-9cfa9a5a\">1323 erlaubt Ludwig IV. (1282 &#8211; 1347), ab 1314 r\u00f6misch-deutscher K\u00f6nig, genannt der Bayer, den Bau einer M\u00fchle auf dem Eu\u00dferthaler Hof. Ob dies nur eine Erneuerung der Bachrechte war oder ob die M\u00fchle zwischendurch zerst\u00f6rt war, entzieht sich <\/p>\n<\/div>\n\n\n\n<div class=\"wp-block-column is-layout-flow wp-block-column-is-layout-flow\">\n<p>unserer Kenntnis. 1340 best\u00e4tigte Ludwig, inzwischen Kaiser des Heiligen R\u00f6mischen Reiches, die Rechte erneut. K\u00f6nig Ruprecht (1352 &#8211; 1410), deutscher Regent ab 1400 bis zu seinem Tod, wiederholte dieses Zugest\u00e4ndnis.<\/p>\n<\/div>\n<\/div>\n<\/div>\n\n\n\n<div class=\"wp-block-column is-layout-flow wp-block-column-is-layout-flow\">\n<figure class=\"wp-block-image size-full\"><img loading=\"lazy\" decoding=\"async\" width=\"545\" height=\"756\" src=\"https:\/\/www.kulturelleserbe-rlp.de\/wp-content\/uploads\/2025\/04\/Ludwig_der_Bayer.jpg\" alt=\"\" class=\"wp-image-1010\" srcset=\"https:\/\/www.kulturelleserbe-rlp.de\/wp-content\/uploads\/2025\/04\/Ludwig_der_Bayer.jpg 545w, https:\/\/www.kulturelleserbe-rlp.de\/wp-content\/uploads\/2025\/04\/Ludwig_der_Bayer-216x300.jpg 216w\" sizes=\"(max-width: 545px) 100vw, 545px\" \/><figcaption class=\"wp-element-caption\"><mark style=\"background-color:rgba(0, 0, 0, 0)\" class=\"has-inline-color has-custom-color-1-color\">Ludwig IV. (1282 &#8211; 1347), ab 1314 r\u00f6misch-deutscher K\u00f6nig, erlaubte den Bau einer M\u00fchle auf dem Eu\u00dferthaler Hof (Bild: Gemeinfrei via Wikimedia). <\/mark><\/figcaption><\/figure>\n<\/div>\n<\/div>\n<\/div>\n\n\n\n<div class=\"wp-block-group alignfull has-accent-5-background-color has-background has-global-padding is-layout-constrained wp-container-core-group-is-layout-d89aad35 wp-block-group-is-layout-constrained\" style=\"margin-top:0;margin-bottom:0;padding-top:var(--wp--preset--spacing--50);padding-right:var(--wp--preset--spacing--50);padding-bottom:var(--wp--preset--spacing--50);padding-left:var(--wp--preset--spacing--50)\">\n<div class=\"wp-block-columns alignwide is-layout-flex wp-container-core-columns-is-layout-1da03c2a wp-block-columns-is-layout-flex\">\n<div class=\"wp-block-column is-vertically-aligned-center is-layout-flow wp-block-column-is-layout-flow\" style=\"flex-basis:60%\">\n<figure class=\"wp-block-image size-full\"><img loading=\"lazy\" decoding=\"async\" width=\"857\" height=\"792\" src=\"https:\/\/www.kulturelleserbe-rlp.de\/wp-content\/uploads\/2025\/04\/karte-1785.jpg\" alt=\"\" class=\"wp-image-1007\" srcset=\"https:\/\/www.kulturelleserbe-rlp.de\/wp-content\/uploads\/2025\/04\/karte-1785.jpg 857w, https:\/\/www.kulturelleserbe-rlp.de\/wp-content\/uploads\/2025\/04\/karte-1785-300x277.jpg 300w, https:\/\/www.kulturelleserbe-rlp.de\/wp-content\/uploads\/2025\/04\/karte-1785-768x710.jpg 768w\" sizes=\"(max-width: 857px) 100vw, 857px\" \/><\/figure>\n<\/div>\n<\/div>\n\n\n\n<figure class=\"wp-block-image size-full\"><img loading=\"lazy\" decoding=\"async\" width=\"811\" height=\"690\" src=\"https:\/\/www.kulturelleserbe-rlp.de\/wp-content\/uploads\/2025\/04\/karte-1820.jpg\" alt=\"\" class=\"wp-image-1008\" srcset=\"https:\/\/www.kulturelleserbe-rlp.de\/wp-content\/uploads\/2025\/04\/karte-1820.jpg 811w, https:\/\/www.kulturelleserbe-rlp.de\/wp-content\/uploads\/2025\/04\/karte-1820-300x255.jpg 300w, https:\/\/www.kulturelleserbe-rlp.de\/wp-content\/uploads\/2025\/04\/karte-1820-768x653.jpg 768w\" sizes=\"(max-width: 811px) 100vw, 811px\" \/><figcaption class=\"wp-element-caption\">        <mark style=\"background-color:rgba(0, 0, 0, 0)\" class=\"has-inline-color has-custom-color-1-color\">Die Kartenausschnitte von 1785 (oben) und 1820 (unten) kennzeichnen den &#8220;M\u00fchlgarten&#8221; und die &#8220;M\u00fchl Gewanne&#8221;. <\/mark><\/figcaption><\/figure>\n<\/div>\n\n\n\n<div class=\"wp-block-group alignfull has-base-background-color has-background has-global-padding is-layout-constrained wp-container-core-group-is-layout-d89aad35 wp-block-group-is-layout-constrained\" style=\"margin-top:0;margin-bottom:0;padding-top:var(--wp--preset--spacing--50);padding-right:var(--wp--preset--spacing--50);padding-bottom:var(--wp--preset--spacing--50);padding-left:var(--wp--preset--spacing--50)\">\n<div class=\"wp-block-columns alignwide is-layout-flex wp-container-core-columns-is-layout-549b0c86 wp-block-columns-is-layout-flex\">\n<div class=\"wp-block-column is-layout-flow wp-block-column-is-layout-flow\">\n<h2 class=\"wp-block-heading\"><strong><strong><strong><strong><strong>Die M\u00fchle wird zerst\u00f6rt<\/strong><\/strong><\/strong><\/strong><\/strong><\/h2>\n\n\n\n<div class=\"wp-block-columns is-layout-flex wp-container-core-columns-is-layout-28f84493 wp-block-columns-is-layout-flex\">\n<div class=\"wp-block-column is-layout-flow wp-block-column-is-layout-flow\">\n<p>Bis vielleicht einmal bekannt wird, wie lange in ihr gemahlen werden konnte, m\u00fcssen wir annehmen, dass sie in einem der vielen Kriege, die das Land und besonders Mechtersheim sp\u00e4ter \u201everheert\u201c haben, zerst\u00f6rt wurde oder abgebrannt ist. M\u00fchlen wurden zu allen Zeiten von den Eroberern abgebaut und als Kriegsbeute verschleppt &#8211; sofern Unvernunft sie nicht mutwillig zerst\u00f6rt hat. Zum einen waren es kostbare technische Vorrichtungen, die andernorts wieder aufgebaut werden konnten, andererseits war es eine  <\/p>\n<\/div>\n\n\n\n<div class=\"wp-block-column is-layout-flow wp-block-column-is-layout-flow\">\n<p>M\u00f6glichkeit, die Besiegten auf l\u00e4ngere Zeit wirtschaftlich zu schw\u00e4chen. Die genaue Lage der M\u00fchle im Ort ist unbekannt. Doch gibt es alte Erz\u00e4hlungen \u00fcber einen unterirdischen Gang (gemauerter Kanal?), der vom alten Friedhof bis in den Altenhof, dem ehemaliges Ortszentrum) gef\u00fchrt haben soll. Auch ist es m\u00f6glich, dass jeweils vor den anstehenden Mahlen des Getreides der Zulauf des Baches gestaut wurde, mit dem dann die M\u00fchle trotz des geringen Wasserlaufs zeitweise betrieben werden konnte.<\/p>\n\n\n\n<p><\/p>\n<\/div>\n\n\n\n<div class=\"wp-block-column is-layout-flow wp-block-column-is-layout-flow\">\n<p>In einem Fragebogen von 1771\/72 hei\u00dft es, Mechtersheim \u201ehat keine M\u00fchl\u201c. Nach einem Autor von 1836 scheint die M\u00fchle \u201egar vom Rheine verschlungen worden zu seyn\u201c. Der heutige \u201eM\u00fcllgraben\u201c oder der Riedgraben kann als Wasserablauf der M\u00fchle bis in den Rhein gedient haben.<\/p>\n\n\n\n<p>(Hartwig Humbert, Willi K\u00f6gel, Verein f\u00fcr Heimat- und Brauchtumspflege in R\u00f6merberg e.V., 2024)<\/p>\n<\/div>\n<\/div>\n<\/div>\n<\/div>\n\n\n\n<figure class=\"wp-block-image size-full\"><img loading=\"lazy\" decoding=\"async\" width=\"855\" height=\"646\" src=\"https:\/\/www.kulturelleserbe-rlp.de\/wp-content\/uploads\/2025\/04\/Vespa-2.jpg\" alt=\"\" class=\"wp-image-1012\" style=\"aspect-ratio:1\" srcset=\"https:\/\/www.kulturelleserbe-rlp.de\/wp-content\/uploads\/2025\/04\/Vespa-2.jpg 855w, https:\/\/www.kulturelleserbe-rlp.de\/wp-content\/uploads\/2025\/04\/Vespa-2-300x227.jpg 300w, https:\/\/www.kulturelleserbe-rlp.de\/wp-content\/uploads\/2025\/04\/Vespa-2-768x580.jpg 768w\" sizes=\"(max-width: 855px) 100vw, 855px\" \/><figcaption class=\"wp-element-caption\"> <mark style=\"background-color:rgba(0, 0, 0, 0)\" class=\"has-inline-color has-custom-color-1-color\">Blick auf eine Schule und Obstplantagen im &#8220;M\u00fchlgarten&#8221; in R\u00f6merberg-Mechtersheim (Bild: Hartwig Humbert, R\u00f6merberg, 2025).<\/mark><\/figcaption><\/figure>\n<\/div>\n","protected":false},"excerpt":{"rendered":"<p>Lost Places in R\u00f6merberg Dass es in Mechtersheim einst eine M\u00fchle gab, daran erinnert heute nur noch der Name der Gewanne \u201eIm M\u00fchlgarten\u201c und die irrt\u00fcmliche Benennung eines \u201eM\u00fcllgrabens\u201c. Doch mittelalterliche Urkunden bezeugen, dass s\u00fcdlich des Ortes eine M\u00fchle bestanden hatte. Die Anlage eines M\u00fchlbachs Da das Dorf keinen Bachlauf hatte, wurde aus dem Horbach [&hellip;]<\/p>\n","protected":false},"author":1,"featured_media":0,"parent":0,"menu_order":0,"comment_status":"closed","ping_status":"closed","template":"","meta":{"footnotes":""},"class_list":["post-1001","page","type-page","status-publish","hentry"],"_links":{"self":[{"href":"https:\/\/www.kulturelleserbe-rlp.de\/index.php?rest_route=\/wp\/v2\/pages\/1001","targetHints":{"allow":["GET"]}}],"collection":[{"href":"https:\/\/www.kulturelleserbe-rlp.de\/index.php?rest_route=\/wp\/v2\/pages"}],"about":[{"href":"https:\/\/www.kulturelleserbe-rlp.de\/index.php?rest_route=\/wp\/v2\/types\/page"}],"author":[{"embeddable":true,"href":"https:\/\/www.kulturelleserbe-rlp.de\/index.php?rest_route=\/wp\/v2\/users\/1"}],"replies":[{"embeddable":true,"href":"https:\/\/www.kulturelleserbe-rlp.de\/index.php?rest_route=%2Fwp%2Fv2%2Fcomments&post=1001"}],"version-history":[{"count":6,"href":"https:\/\/www.kulturelleserbe-rlp.de\/index.php?rest_route=\/wp\/v2\/pages\/1001\/revisions"}],"predecessor-version":[{"id":1480,"href":"https:\/\/www.kulturelleserbe-rlp.de\/index.php?rest_route=\/wp\/v2\/pages\/1001\/revisions\/1480"}],"wp:attachment":[{"href":"https:\/\/www.kulturelleserbe-rlp.de\/index.php?rest_route=%2Fwp%2Fv2%2Fmedia&parent=1001"}],"curies":[{"name":"wp","href":"https:\/\/api.w.org\/{rel}","templated":true}]}}